{"id":121,"date":"2016-12-07T14:27:29","date_gmt":"2016-12-07T13:27:29","guid":{"rendered":"https:\/\/www.lomizil.de\/fewo\/?page_id=121"},"modified":"2022-06-06T19:05:46","modified_gmt":"2022-06-06T17:05:46","slug":"wendland","status":"publish","type":"page","link":"https:\/\/www.lomizil.de\/fewo\/wendland\/","title":{"rendered":"Wendland"},"content":{"rendered":"<div id=\"attachment_220\" style=\"width: 310px\" class=\"wp-caption alignright\"><a href=\"https:\/\/lomizil.de\/Panorama\/bei_Lanze_Panorama.html\" target=\"_blank\" rel=\"noopener\"><img loading=\"lazy\" decoding=\"async\" aria-describedby=\"caption-attachment-220\" class=\"wp-image-220 size-medium\" src=\"https:\/\/www.lomizil.de\/hof\/wp-content\/uploads\/endlos-Fahrrad-fahren-300x225.jpg\" alt=\"endlos-fahrrad-fahren\" width=\"300\" height=\"225\" \/><\/a><p id=\"caption-attachment-220\" class=\"wp-caption-text\"><a href=\"https:\/\/lomizil.de\/Panorama\/bei_Lanze_Panorama.html\" target=\"_blank\" rel=\"noopener\">360\u00b0 Panorama: Endlos Fahrrad fahren&#8230;<br \/>(in neuem Fenster\/Tab)<\/a><\/p><\/div>\n<p>Die Landschaft des Wendlandes mit dem Biosph\u00e4renreservat Flusslandschaft Elbe und den ausgepr\u00e4gten W\u00e4ldern macht zun\u00e4chst den Eindruck eines romantischen und unentdeckten Fleckchens Erde. Allerdings werden offenkundige Widerspr\u00fcche erkennbar: Der \u00fcber 20-j\u00e4hrige Widerstand gegen die Atomm\u00fcll-Lagerst\u00e4tten in Gorleben hat zur Entwicklung vieler alternativer Projekte auf verschiedensten Ebenen gef\u00fchrt und ist durch seine Kreativit\u00e4t auch verantwortlich f\u00fcr die Vielfalt kultureller Veranstaltungen.<\/p>\n<p>Beispiele daf\u00fcr sind die <a href=\"http:\/\/www.kulturelle-landpartie.de\/\" target=\"_blank\" rel=\"noopener\">Kulturelle Landpartie<\/a>,<br \/>\nund &#8230;..<\/p>\n<p><strong>Infos aus der Region:<\/strong><\/p>\n<p><a href=\"http:\/\/www.wendland-net.de\/\" target=\"_blank\" rel=\"noopener\">wendland-net.de<\/a> Nachrichten f\u00fcr L\u00fcchow-Dannenberg<br \/>\n<a href=\"http:\/\/www.luechow-dannenberg.de\/\" target=\"_blank\" rel=\"noopener\">luechow-dannenberg.de<\/a> Homepage L\u00fcchow Dannenberg<br \/>\n<a href=\"http:\/\/www.kulturelle-landpartie.de\/\" target=\"_blank\" rel=\"noopener\">kulturelle-landpartie.de<\/a> Kulturelle Landpartie &#8211; Wunder.punkte im Wendland<\/p>\n<p><strong>Hier ein paar Fotos aus dem Wendland<\/strong><\/p>\n<div id=\"maxgallery-126\" class=\"mg-image-tiles borderless\">\t<div class=\"mg-thumbs mg-fourcol\">\t\t<ul><li>\t<a class='lightbox-126' href='https:\/\/www.lomizil.de\/fewo\/wp-content\/uploads\/2016\/12\/Eiche-am-Wegrand.jpg'  title='Eiche am Wegrand' aria-haspopup='dialog' data-lightbox-gallery='gallery-126' >\t\t<div class=\"\"><img loading=\"lazy\" decoding=\"async\" class=\"\" src=\"https:\/\/www.lomizil.de\/fewo\/wp-content\/uploads\/2016\/12\/Eiche-am-Wegrand-250x166.jpg\" width=\"250\" height=\"166\" alt=\"Eiche am Wegrand\" title=\"Eiche am Wegrand\" \/>\t\t<\/div>\t<\/a>\t<p class=\"caption below\">Eiche am Wegrand<\/p><\/li><li>\t<a class='lightbox-126' href='https:\/\/www.lomizil.de\/fewo\/wp-content\/uploads\/2016\/12\/Radfahren-endlos.jpg'  title='endlos Radfahren' aria-haspopup='dialog' data-lightbox-gallery='gallery-126' >\t\t<div class=\"\"><img loading=\"lazy\" decoding=\"async\" class=\"\" src=\"https:\/\/www.lomizil.de\/fewo\/wp-content\/uploads\/2016\/12\/Radfahren-endlos-250x166.jpg\" width=\"250\" height=\"166\" alt=\"endlos Radfahren\" title=\"endlos Radfahren\" \/>\t\t<\/div>\t<\/a>\t<p class=\"caption below\">endlos Radfahren<\/p><\/li><li>\t<a class='lightbox-126' href='https:\/\/www.lomizil.de\/fewo\/wp-content\/uploads\/2016\/12\/Kraniche-lieben-Mais.jpg'  title='Kraniche lieben Mais, brauchen aber immer eine Startbahn zur Flucht' aria-haspopup='dialog' data-lightbox-gallery='gallery-126' >\t\t<div class=\"\"><img loading=\"lazy\" decoding=\"async\" class=\"\" src=\"https:\/\/www.lomizil.de\/fewo\/wp-content\/uploads\/2016\/12\/Kraniche-lieben-Mais-250x166.jpg\" width=\"250\" height=\"166\" alt=\"Kraniche lieben Mais, brauchen aber immer eine Startbahn zur Flucht\" title=\"Kraniche lieben Mais, brauchen aber immer eine Startbahn zur Flucht\" \/>\t\t<\/div>\t<\/a>\t<p class=\"caption below\">Kraniche lieben Mais, brauchen aber immer eine Startbahn zur Flucht<\/p><\/li><li>\t<a class='lightbox-126' href='https:\/\/www.lomizil.de\/fewo\/wp-content\/uploads\/2016\/12\/Scheune-in-Lanze.jpg'  title='Scheune in Lanze' aria-haspopup='dialog' data-lightbox-gallery='gallery-126' >\t\t<div class=\"\"><img loading=\"lazy\" decoding=\"async\" class=\"\" src=\"https:\/\/www.lomizil.de\/fewo\/wp-content\/uploads\/2016\/12\/Scheune-in-Lanze-250x166.jpg\" width=\"250\" height=\"166\" alt=\"Scheune in Lanze\" title=\"Scheune in Lanze\" \/>\t\t<\/div>\t<\/a>\t<p class=\"caption below\">Scheune in Lanze<\/p><\/li><li>\t<a class='lightbox-126' href='https:\/\/www.lomizil.de\/fewo\/wp-content\/uploads\/2016\/12\/Klatschmohn-und-Kornblumen.jpg'  title='Klatschmohn und Kornblumen' aria-haspopup='dialog' data-lightbox-gallery='gallery-126' >\t\t<div class=\"\"><img loading=\"lazy\" decoding=\"async\" class=\"\" src=\"https:\/\/www.lomizil.de\/fewo\/wp-content\/uploads\/2016\/12\/Klatschmohn-und-Kornblumen-250x166.jpg\" width=\"250\" height=\"166\" alt=\"Klatschmohn und Kornblumen\" title=\"Klatschmohn und Kornblumen\" \/>\t\t<\/div>\t<\/a>\t<p class=\"caption below\">Klatschmohn und Kornblumen<\/p><\/li><li>\t<a class='lightbox-126' href='https:\/\/www.lomizil.de\/fewo\/wp-content\/uploads\/2016\/12\/Badestelle-am-Ahrendsee.jpg'  title='Badestelle am Arendsee' aria-haspopup='dialog' data-lightbox-gallery='gallery-126' >\t\t<div class=\"\"><img loading=\"lazy\" decoding=\"async\" class=\"\" src=\"https:\/\/www.lomizil.de\/fewo\/wp-content\/uploads\/2016\/12\/Badestelle-am-Ahrendsee-250x166.jpg\" width=\"250\" height=\"166\" alt=\"Badestelle am Arendsee\" title=\"Badestelle am Arendsee\" \/>\t\t<\/div>\t<\/a>\t<p class=\"caption below\">Badestelle am Arendsee<\/p><\/li><li>\t<a class='lightbox-126' href='https:\/\/www.lomizil.de\/fewo\/wp-content\/uploads\/2016\/12\/K\u00fcrbisverkauf-in-Simander.jpg'  title='K\u00fcrbisverkauf in Simander' aria-haspopup='dialog' data-lightbox-gallery='gallery-126' >\t\t<div class=\"\"><img loading=\"lazy\" decoding=\"async\" class=\"\" src=\"https:\/\/www.lomizil.de\/fewo\/wp-content\/uploads\/2016\/12\/K\u00fcrbisverkauf-in-Simander-250x166.jpg\" width=\"250\" height=\"166\" alt=\"K\u00fcrbisverkauf in Simander\" title=\"K\u00fcrbisverkauf in Simander\" \/>\t\t<\/div>\t<\/a>\t<p class=\"caption below\">K\u00fcrbisverkauf in Simander<\/p><\/li><li>\t<a class='lightbox-126' href='https:\/\/www.lomizil.de\/fewo\/wp-content\/uploads\/2016\/12\/Kornblumen.jpg'  title='Kornblumen am Feldrand' aria-haspopup='dialog' data-lightbox-gallery='gallery-126' >\t\t<div class=\"\"><img loading=\"lazy\" decoding=\"async\" class=\"\" src=\"https:\/\/www.lomizil.de\/fewo\/wp-content\/uploads\/2016\/12\/Kornblumen-250x166.jpg\" width=\"250\" height=\"166\" alt=\"Kornblumen am Feldrand\" title=\"Kornblumen am Feldrand\" \/>\t\t<\/div>\t<\/a>\t<p class=\"caption below\">Kornblumen am Feldrand<\/p><\/li><li>\t<a class='lightbox-126' href='https:\/\/www.lomizil.de\/fewo\/wp-content\/uploads\/2016\/12\/Kornfelder.jpg'  title='Kornfelder' aria-haspopup='dialog' data-lightbox-gallery='gallery-126' >\t\t<div class=\"\"><img loading=\"lazy\" decoding=\"async\" class=\"\" src=\"https:\/\/www.lomizil.de\/fewo\/wp-content\/uploads\/2016\/12\/Kornfelder-250x166.jpg\" width=\"250\" height=\"166\" alt=\"Kornfelder\" title=\"Kornfelder\" \/>\t\t<\/div>\t<\/a>\t<p class=\"caption below\">Kornfelder<\/p><\/li><li>\t<a class='lightbox-126' href='https:\/\/www.lomizil.de\/fewo\/wp-content\/uploads\/2016\/12\/Sonnenuntergang.jpg'  title='Sonnenuntergang' aria-haspopup='dialog' data-lightbox-gallery='gallery-126' >\t\t<div class=\"\"><img loading=\"lazy\" decoding=\"async\" class=\"\" src=\"https:\/\/www.lomizil.de\/fewo\/wp-content\/uploads\/2016\/12\/Sonnenuntergang-250x166.jpg\" width=\"250\" height=\"166\" alt=\"Sonnenuntergang\" title=\"Sonnenuntergang\" \/>\t\t<\/div>\t<\/a>\t<p class=\"caption below\">Sonnenuntergang<\/p><\/li><li>\t<a class='lightbox-126' href='https:\/\/www.lomizil.de\/fewo\/wp-content\/uploads\/2016\/12\/Feldweg-im-Winter.jpg'  title='Feldweg im Winter' aria-haspopup='dialog' data-lightbox-gallery='gallery-126' >\t\t<div class=\"\"><img loading=\"lazy\" decoding=\"async\" class=\"\" src=\"https:\/\/www.lomizil.de\/fewo\/wp-content\/uploads\/2016\/12\/Feldweg-im-Winter-250x166.jpg\" width=\"250\" height=\"166\" alt=\"Feldweg im Winter\" title=\"Feldweg im Winter\" \/>\t\t<\/div>\t<\/a>\t<p class=\"caption below\">Feldweg im Winter<\/p><\/li><li>\t<a class='lightbox-126' href='https:\/\/www.lomizil.de\/fewo\/wp-content\/uploads\/2016\/12\/Weite-im-Schnee.jpg'  title='Schneeland' aria-haspopup='dialog' data-lightbox-gallery='gallery-126' >\t\t<div class=\"\"><img loading=\"lazy\" decoding=\"async\" class=\"\" src=\"https:\/\/www.lomizil.de\/fewo\/wp-content\/uploads\/2016\/12\/Weite-im-Schnee-250x166.jpg\" width=\"250\" height=\"166\" alt=\"Schneeland\" title=\"Schneeland\" \/>\t\t<\/div>\t<\/a>\t<p class=\"caption below\">Schneeland<\/p><\/li><li>\t<a class='lightbox-126' href='https:\/\/www.lomizil.de\/fewo\/wp-content\/uploads\/2016\/12\/Die-Feuerwehr-und-Kirche.jpg'  title='wer hat den h\u00f6chsten Turm, die Feuerwehr oder die Kirche, in Simander' aria-haspopup='dialog' data-lightbox-gallery='gallery-126' >\t\t<div class=\"\"><img loading=\"lazy\" decoding=\"async\" class=\"\" src=\"https:\/\/www.lomizil.de\/fewo\/wp-content\/uploads\/2016\/12\/Die-Feuerwehr-und-Kirche-250x166.jpg\" width=\"250\" height=\"166\" alt=\"wer hat den h\u00f6chsten Turm, die Feuerwehr oder die Kirche, in Simander\" title=\"wer hat den h\u00f6chsten Turm, die Feuerwehr oder die Kirche, in Simander\" \/>\t\t<\/div>\t<\/a>\t<p class=\"caption below\">wer hat den h\u00f6chsten Turm, die Feuerwehr oder die Kirche, in Simander<\/p><\/li><li>\t<a class='lightbox-126' href='https:\/\/www.lomizil.de\/fewo\/wp-content\/uploads\/2016\/12\/Weideland.jpg'  title='Weideland' aria-haspopup='dialog' data-lightbox-gallery='gallery-126' >\t\t<div class=\"\"><img loading=\"lazy\" decoding=\"async\" class=\"\" src=\"https:\/\/www.lomizil.de\/fewo\/wp-content\/uploads\/2016\/12\/Weideland-250x166.jpg\" width=\"250\" height=\"166\" alt=\"Weideland\" title=\"Weideland\" \/>\t\t<\/div>\t<\/a>\t<p class=\"caption below\">Weideland<\/p><\/li><li>\t<a class='lightbox-126' href='https:\/\/www.lomizil.de\/fewo\/wp-content\/uploads\/2016\/12\/Abflug-der-Kraniche.jpg'  title='Abflug der Kraniche' aria-haspopup='dialog' data-lightbox-gallery='gallery-126' >\t\t<div class=\"\"><img loading=\"lazy\" decoding=\"async\" class=\"\" src=\"https:\/\/www.lomizil.de\/fewo\/wp-content\/uploads\/2016\/12\/Abflug-der-Kraniche-250x166.jpg\" width=\"250\" height=\"166\" alt=\"Abflug der Kraniche\" title=\"Abflug der Kraniche\" \/>\t\t<\/div>\t<\/a>\t<p class=\"caption below\">Abflug der Kraniche<\/p><\/li><li>\t<a class='lightbox-126' href='https:\/\/www.lomizil.de\/fewo\/wp-content\/uploads\/2016\/12\/Acker-Alleen-und-viel-Weite.jpg'  title='Acker Alleen und viel Weite' aria-haspopup='dialog' data-lightbox-gallery='gallery-126' >\t\t<div class=\"\"><img loading=\"lazy\" decoding=\"async\" class=\"\" src=\"https:\/\/www.lomizil.de\/fewo\/wp-content\/uploads\/2016\/12\/Acker-Alleen-und-viel-Weite-250x166.jpg\" width=\"250\" height=\"166\" alt=\"Acker Alleen und viel Weite\" title=\"Acker Alleen und viel Weite\" \/>\t\t<\/div>\t<\/a>\t<p class=\"caption below\">Acker Alleen und viel Weite<\/p><\/li><li>\t<a class='lightbox-126' href='https:\/\/www.lomizil.de\/fewo\/wp-content\/uploads\/2016\/12\/Acker-mit-Baumschatten.jpg'  title='Acker mit Baumschatten' aria-haspopup='dialog' data-lightbox-gallery='gallery-126' >\t\t<div class=\"\"><img loading=\"lazy\" decoding=\"async\" class=\"\" src=\"https:\/\/www.lomizil.de\/fewo\/wp-content\/uploads\/2016\/12\/Acker-mit-Baumschatten-250x166.jpg\" width=\"250\" height=\"166\" alt=\"Acker mit Baumschatten\" title=\"Acker mit Baumschatten\" \/>\t\t<\/div>\t<\/a>\t<p class=\"caption below\">Acker mit Baumschatten<\/p><\/li><li>\t<a class='lightbox-126' href='https:\/\/www.lomizil.de\/fewo\/wp-content\/uploads\/2016\/12\/Feld-mit-Kornblumen.jpg'  title='Feld mit Kornblumen' aria-haspopup='dialog' data-lightbox-gallery='gallery-126' >\t\t<div class=\"\"><img loading=\"lazy\" decoding=\"async\" class=\"\" src=\"https:\/\/www.lomizil.de\/fewo\/wp-content\/uploads\/2016\/12\/Feld-mit-Kornblumen-250x166.jpg\" width=\"250\" height=\"166\" alt=\"Feld mit Kornblumen\" title=\"Feld mit Kornblumen\" \/>\t\t<\/div>\t<\/a>\t<p class=\"caption below\">Feld mit Kornblumen<\/p><\/li><li>\t<a class='lightbox-126' href='https:\/\/www.lomizil.de\/fewo\/wp-content\/uploads\/2016\/12\/Feldweg-beim-Lomizil.jpg'  title='Feldweg beim Lomizil' aria-haspopup='dialog' data-lightbox-gallery='gallery-126' >\t\t<div class=\"\"><img loading=\"lazy\" decoding=\"async\" class=\"\" src=\"https:\/\/www.lomizil.de\/fewo\/wp-content\/uploads\/2016\/12\/Feldweg-beim-Lomizil-250x166.jpg\" width=\"250\" height=\"166\" alt=\"Feldweg beim Lomizil\" title=\"Feldweg beim Lomizil\" \/>\t\t<\/div>\t<\/a>\t<p class=\"caption below\">Feldweg beim Lomizil<\/p><\/li><li>\t<a class='lightbox-126' href='https:\/\/www.lomizil.de\/fewo\/wp-content\/uploads\/2016\/12\/Gewitter-zieht-n\u00e4her.jpg'  title='Das Gewitter zieht n\u00e4her' aria-haspopup='dialog' data-lightbox-gallery='gallery-126' >\t\t<div class=\"\"><img loading=\"lazy\" decoding=\"async\" class=\"\" src=\"https:\/\/www.lomizil.de\/fewo\/wp-content\/uploads\/2016\/12\/Gewitter-zieht-n\u00e4her-250x166.jpg\" width=\"250\" height=\"166\" alt=\"Das Gewitter zieht n\u00e4her\" title=\"Das Gewitter zieht n\u00e4her\" \/>\t\t<\/div>\t<\/a>\t<p class=\"caption below\">Das Gewitter zieht n\u00e4her<\/p><\/li>\t\t<\/ul>\t\t<div class=\"clear\"><\/div>\t<\/div>\t<span style=\"display: none;\" class=\"hidden-image-tiles-gallery-id\">126<\/span>\t<span style=\"display: none;\" class=\"hidden-lightbox-skin\">none<\/span>\t<span style=\"display: none;\" class=\"hidden-lightbox-effect\">none<\/span>\t<span style=\"display: none;\" class=\"hidden-lightbox-kb-nav\">true<\/span>\t<span style=\"display: none;\" class=\"hidden-lightbox-img-click-close\">false<\/span>\t<span style=\"display: none;\" class=\"hidden-lightbox-ol-click-close\">true<\/span>\t<span style=\"display: none;\" class=\"hidden-lightbox-close-tip-text\">Schlie\u00dfen<\/span>\t<span style=\"display: none;\" class=\"hidden-lightbox-next-tip-text\">Weiter<\/span>\t<span style=\"display: none;\" class=\"hidden-lightbox-prev-tip-text\">Zur\u00fcck<\/span>\t<span style=\"display: none;\" class=\"hidden-lightbox-error-tip-text\">The requested content cannot be loaded. Please try again later.<\/span><\/div>\n","protected":false},"excerpt":{"rendered":"<p>Die Landschaft des Wendlandes mit dem Biosph\u00e4renreservat Flusslandschaft Elbe und den ausgepr\u00e4gten W\u00e4ldern macht zun\u00e4chst den Eindruck eines romantischen und unentdeckten Fleckchens Erde. Allerdings werden offenkundige Widerspr\u00fcche erkennbar: Der \u00fcber 20-j\u00e4hrige Widerstand gegen die Atomm\u00fcll-Lagerst\u00e4tten in Gorleben hat zur Entwicklung <span class=\"excerpt-dots\">&hellip;<\/span> <a class=\"more-link\" href=\"https:\/\/www.lomizil.de\/fewo\/wendland\/\"><span class=\"more-msg\">Weiterlesen &rarr;<\/span><\/a><\/p>\n","protected":false},"author":1,"featured_media":231,"parent":0,"menu_order":0,"comment_status":"closed","ping_status":"closed","template":"","meta":{"footnotes":""},"class_list":["post-121","page","type-page","status-publish","has-post-thumbnail","hentry"],"_links":{"self":[{"href":"https:\/\/www.lomizil.de\/fewo\/wp-json\/wp\/v2\/pages\/121","targetHints":{"allow":["GET"]}}],"collection":[{"href":"https:\/\/www.lomizil.de\/fewo\/wp-json\/wp\/v2\/pages"}],"about":[{"href":"https:\/\/www.lomizil.de\/fewo\/wp-json\/wp\/v2\/types\/page"}],"author":[{"embeddable":true,"href":"https:\/\/www.lomizil.de\/fewo\/wp-json\/wp\/v2\/users\/1"}],"replies":[{"embeddable":true,"href":"https:\/\/www.lomizil.de\/fewo\/wp-json\/wp\/v2\/comments?post=121"}],"version-history":[{"count":0,"href":"https:\/\/www.lomizil.de\/fewo\/wp-json\/wp\/v2\/pages\/121\/revisions"}],"wp:featuredmedia":[{"embeddable":true,"href":"https:\/\/www.lomizil.de\/fewo\/wp-json\/wp\/v2\/media\/231"}],"wp:attachment":[{"href":"https:\/\/www.lomizil.de\/fewo\/wp-json\/wp\/v2\/media?parent=121"}],"curies":[{"name":"wp","href":"https:\/\/api.w.org\/{rel}","templated":true}]}}